{"id":31963,"date":"2020-10-22T13:29:03","date_gmt":"2020-10-22T11:29:03","guid":{"rendered":"https:\/\/www.sen-shop.com\/collections\/unkategorisiert\/vitamin-d3\/"},"modified":"2022-09-09T11:18:36","modified_gmt":"2022-09-09T09:18:36","slug":"vitamin-d3","status":"publish","type":"product","link":"https:\/\/sen-shop.com\/de\/collections\/nahrungsergaenzungsmittel\/gelenke-und-muskeln-de\/vitamin-d3\/","title":{"rendered":"Vitamin D3"},"content":{"rendered":"<p>[vc_row][vc_column][\/vc_column][\/vc_row][vc_row][vc_column][vc_column_text css=&#8220;.vc_custom_1625560291369{padding-top: 30px !important;padding-right: 30px !important;padding-bottom: 30px !important;padding-left: 30px !important;background-color: #c9db95 !important;}&#8220;]Der K\u00f6rper kann eine ausreichende Menge an Vitamin D erhalten, wenn die Haut den Sonnenstrahlen ausgesetzt ist und eine ausgewogene Ern\u00e4hrung eingehalten wird. <strong>Vitamin D ist wichtig f\u00fcr das normale Knochenwachstum<\/strong>, die <strong>Z\u00e4hne, die Muskelfunktion und die Funktion des Immunsystems<\/strong>. Ein Vitamin-D-Mangel im K\u00f6rper \u00e4u\u00dfert sich durch Osteomalazie bei Erwachsenen und Rachitis bei Kindern sowie durch Knochen- und Muskelschmerzen.<\/p>\n<p>In j\u00fcngster Zeit mehren sich die Hinweise darauf, dass Vitamin D noch andere wichtige Funktionen hat, z. B. bei der Regulierung des Immunsystems und der Vorbeugung von chronischen Krankheiten. <strong>Vitamin D erm\u00f6glicht es den wei\u00dfen Blutk\u00f6rperchen, ein k\u00f6rpereigenes Antibiotikum zu produzieren, das Viren, Bakterien und Pilze abt\u00f6tet.<\/strong>[\/vc_column_text][vc_column_text css_animation=&#8220;fadeIn&#8220; css=&#8220;.vc_custom_1625560295513{padding-top: 30px !important;padding-right: 30px !important;padding-bottom: 30px !important;padding-left: 30px !important;background-color: #ededed !important;}&#8220;]<img decoding=\"async\" src=\"https:\/\/static.xx.fbcdn.net\/images\/emoji.php\/v9\/t51\/1\/16\/1f449.png\" alt=\"\ud83d\udc49\" \/> Eine Kapsel pro Tag. Eine Flasche reicht f\u00fcr 2 Monate.<\/p>\n<p><img decoding=\"async\" src=\"https:\/\/static.xx.fbcdn.net\/images\/emoji.php\/v9\/t51\/1\/16\/1f449.png\" alt=\"\ud83d\udc49\" \/> Um die beste Wirkung zu erzielen, wird empfohlen, Vitamin D mindestens von Herbst bis Fr\u00fchjahr zuzuf\u00fchren.<\/p>\n<p><img decoding=\"async\" src=\"https:\/\/static.xx.fbcdn.net\/images\/emoji.php\/v9\/t51\/1\/16\/1f449.png\" alt=\"\ud83d\udc49\" \/> Geeignet f\u00fcr Kinder und Erwachsene.[\/vc_column_text][\/vc_column][\/vc_row][vc_row][vc_column][vc_column_text]<strong>Vitamin D<\/strong> ist ein \u00e4u\u00dferst wichtiges Vitamin, das eine <strong>Schl\u00fcsselrolle f\u00fcr das normale Funktionieren des menschlichen K\u00f6rpers<\/strong> spielt. Unter anderem erh\u00f6ht es die F\u00e4higkeit des D\u00fcnndarms, Kalzium aus der Nahrung effizient aufzunehmen, und ist f\u00fcr die normale Funktion des Immunsystems von entscheidender Bedeutung.<\/p>\n<p>Weitere Untersuchungen haben gezeigt, dass ein <strong>Mangel an diesem Vitamin schwerwiegende Folgen<\/strong> f\u00fcr das Immunsystem hat, Stimmungsschwankungen und <strong>Depressionen<\/strong> entstehen oder sich verschlimmern k\u00f6nnen sowie verschiedene degenerative und chronische Krankheiten, hoher Blutzucker, <strong>Autoimmunerkrankungen<\/strong> und <strong>Herz-Kreislauf-Probleme.<\/strong><\/p>\n<p>Im Sommer kann der Vitamin-D-Bedarf durch Sonneneinstrahlung gedeckt werden. Dieses Vitamin kann in der menschlichen Haut biosynthetisiert (gebildet) werden, wenn sie \u00fcber einen ausreichenden Zeitraum intensivem Sonnenlicht ausgesetzt ist. Im Herbst und Winter ist die Biosynthese in der Haut aufgrund des fehlenden oder weniger intensiven Sonnenlichts reduziert, so dass eine ausreichende Zufuhr \u00fcber die Nahrung erforderlich ist.<\/p>\n<p>Ein <strong>Vitamin-D-Mangel<\/strong> wird auch mit einer mangelhaften Ern\u00e4hrung, <strong>Fettleibigkeit<\/strong> und schnellem Altern in Verbindung gebracht. Die<strong> Vitamin-D-Aufnahme nimmt im Laufe der Jahre ab<\/strong>. Es ist wichtig, dass Ihr K\u00f6rper das ganze Jahr \u00fcber ausreichende Mengen an Vitamin D erh\u00e4lt.<br \/>\n[\/vc_column_text][\/vc_column][\/vc_row]<\/p>\n","protected":false},"excerpt":{"rendered":"<p><strong>Vitamin D ist f\u00fcr das reibungslose Funktionieren des Immunsystems, der Z\u00e4hne, der Knochen und der Muskeln notwendig.<\/strong> Dieses Vitamin spielt eine <strong>entscheidende Rolle bei der F\u00f6rderung der Immunantwort<\/strong>. Es hat sowohl entz\u00fcndungshemmende als auch immunregulierende Eigenschaften und ist daher entscheidend f\u00fcr die Aktivierung der Abwehrkr\u00e4fte des Immunsystems. Sein Mangel kann die Immunreaktion beeintr\u00e4chtigen und das Risiko von Infektionen und Krankheiten erh\u00f6hen.<\/p>\n<ul>\n<li>1 Kapsel enth\u00e4lt 1.000 I.E., 25 \u00b5g Vitamin D.<\/li>\n<li>f\u00fcr die richtige Funktion des Immunsystems<\/li>\n<li>tr\u00e4gt zur Vorbeugung chronischer Krankheiten bei<\/li>\n<li>f\u00fcr einen normalen Kalziumspiegel im Blut<\/li>\n<li>f\u00fcr gesunde Knochen und Z\u00e4hne<\/li>\n<li>f\u00fcr eine normale Muskelfunktion<\/li>\n<\/ul>\n<p>Zwischen November und April ist der <strong>gr\u00f6\u00dfte Teil der Bev\u00f6lkerung unzureichend mit Vitamin D versorgt<\/strong>. Nach den Empfehlungen der Gesellschaft f\u00fcr Endokrinologie sind <strong>weniger als 5 % der Erwachsenen optimal mit Vitamin D versorgt<\/strong>. Deshalb ist es besonders in dieser Winterzeit wichtig, <strong>Vitamin D zuzuf\u00fchren<\/strong>.<\/p>\n[banner_prehrana]\n","protected":false},"featured_media":31966,"comment_status":"open","ping_status":"closed","template":"","meta":{"inline_featured_image":false},"product_cat":[828,846,839,813],"product_tag":[],"class_list":["post-31963","product","type-product","status-publish","has-post-thumbnail","hentry","product_cat-gelenke-und-muskeln-de","product_cat-immunsystem","product_cat-knochen-gelenke-und-muskelprobleme","product_cat-nahrungsergaenzungsmittel"],"acf":[],"yoast_head":"<!-- This site is optimized with the Yoast SEO plugin v19.13 - https:\/\/yoast.com\/wordpress\/plugins\/seo\/ -->\n<title>Vitamin D3<\/title>\n<meta name=\"description\" content=\"Vitamin D3\" \/>\n<meta name=\"robots\" content=\"index, follow, max-snippet:-1, max-image-preview:large, max-video-preview:-1\" \/>\n<link rel=\"canonical\" href=\"https:\/\/sen-shop.com\/de\/collections\/nahrungsergaenzungsmittel\/gelenke-und-muskeln-de\/vitamin-d3\/\" \/>\n<meta property=\"og:locale\" content=\"de_DE\" \/>\n<meta property=\"og:type\" content=\"article\" \/>\n<meta property=\"og:title\" content=\"Vitamin D3\" \/>\n<meta property=\"og:description\" content=\"Vitamin D3\" \/>\n<meta property=\"og:url\" content=\"https:\/\/sen-shop.com\/de\/collections\/nahrungsergaenzungsmittel\/gelenke-und-muskeln-de\/vitamin-d3\/\" \/>\n<meta property=\"og:site_name\" content=\"SEN Shop\" \/>\n<meta property=\"article:publisher\" content=\"https:\/\/www.facebook.com\/Senshopslovenija\" \/>\n<meta property=\"article:modified_time\" content=\"2022-09-09T09:18:36+00:00\" \/>\n<meta property=\"og:image\" content=\"https:\/\/sen-shop.com\/wp-content\/uploads\/2020\/10\/Vitamin-D3-NIJZ-imunska-zascita-korona-virus.png\" \/>\n\t<meta property=\"og:image:width\" content=\"700\" \/>\n\t<meta property=\"og:image:height\" content=\"700\" \/>\n\t<meta property=\"og:image:type\" content=\"image\/png\" \/>\n<meta name=\"twitter:card\" content=\"summary_large_image\" \/>\n<meta name=\"twitter:label1\" content=\"Gesch\u00e4tzte Lesezeit\" \/>\n\t<meta name=\"twitter:data1\" content=\"2\u00a0Minuten\" \/>\n<script type=\"application\/ld+json\" class=\"yoast-schema-graph\">{\"@context\":\"https:\/\/schema.org\",\"@graph\":[{\"@type\":\"WebPage\",\"@id\":\"https:\/\/sen-shop.com\/de\/collections\/nahrungsergaenzungsmittel\/gelenke-und-muskeln-de\/vitamin-d3\/\",\"url\":\"https:\/\/sen-shop.com\/de\/collections\/nahrungsergaenzungsmittel\/gelenke-und-muskeln-de\/vitamin-d3\/\",\"name\":\"Vitamin D3\",\"isPartOf\":{\"@id\":\"https:\/\/sen-shop.com\/de\/#website\"},\"datePublished\":\"2020-10-22T11:29:03+00:00\",\"dateModified\":\"2022-09-09T09:18:36+00:00\",\"description\":\"Vitamin D3\",\"breadcrumb\":{\"@id\":\"https:\/\/sen-shop.com\/de\/collections\/nahrungsergaenzungsmittel\/gelenke-und-muskeln-de\/vitamin-d3\/#breadcrumb\"},\"inLanguage\":\"de\",\"potentialAction\":[{\"@type\":\"ReadAction\",\"target\":[\"https:\/\/sen-shop.com\/de\/collections\/nahrungsergaenzungsmittel\/gelenke-und-muskeln-de\/vitamin-d3\/\"]}]},{\"@type\":\"BreadcrumbList\",\"@id\":\"https:\/\/sen-shop.com\/de\/collections\/nahrungsergaenzungsmittel\/gelenke-und-muskeln-de\/vitamin-d3\/#breadcrumb\",\"itemListElement\":[{\"@type\":\"ListItem\",\"position\":1,\"name\":\"Home\",\"item\":\"https:\/\/sen-shop.com\/de\/\"},{\"@type\":\"ListItem\",\"position\":2,\"name\":\"Vitamin D3\"}]},{\"@type\":\"WebSite\",\"@id\":\"https:\/\/sen-shop.com\/de\/#website\",\"url\":\"https:\/\/sen-shop.com\/de\/\",\"name\":\"SEN Shop\",\"description\":\"Slovensko, Ekolo\u0161ko, Naravno\",\"publisher\":{\"@id\":\"https:\/\/sen-shop.com\/de\/#organization\"},\"potentialAction\":[{\"@type\":\"SearchAction\",\"target\":{\"@type\":\"EntryPoint\",\"urlTemplate\":\"https:\/\/sen-shop.com\/de\/?s={search_term_string}\"},\"query-input\":\"required name=search_term_string\"}],\"inLanguage\":\"de\"},{\"@type\":\"Organization\",\"@id\":\"https:\/\/sen-shop.com\/de\/#organization\",\"name\":\"Mind trade d.o.o\",\"url\":\"https:\/\/sen-shop.com\/de\/\",\"logo\":{\"@type\":\"ImageObject\",\"inLanguage\":\"de\",\"@id\":\"https:\/\/sen-shop.com\/de\/#\/schema\/logo\/image\/\",\"url\":\"https:\/\/sen-shop.com\/wp-content\/uploads\/2018\/05\/header_logo.png\",\"contentUrl\":\"https:\/\/sen-shop.com\/wp-content\/uploads\/2018\/05\/header_logo.png\",\"width\":138,\"height\":70,\"caption\":\"Mind trade d.o.o\"},\"image\":{\"@id\":\"https:\/\/sen-shop.com\/de\/#\/schema\/logo\/image\/\"},\"sameAs\":[\"https:\/\/www.instagram.com\/senslovenija\/\",\"https:\/\/www.facebook.com\/Senshopslovenija\"]}]}<\/script>\n<!-- \/ Yoast SEO plugin. -->","yoast_head_json":{"title":"Vitamin D3","description":"Vitamin D3","robots":{"index":"index","follow":"follow","max-snippet":"max-snippet:-1","max-image-preview":"max-image-preview:large","max-video-preview":"max-video-preview:-1"},"canonical":"https:\/\/sen-shop.com\/de\/collections\/nahrungsergaenzungsmittel\/gelenke-und-muskeln-de\/vitamin-d3\/","og_locale":"de_DE","og_type":"article","og_title":"Vitamin D3","og_description":"Vitamin D3","og_url":"https:\/\/sen-shop.com\/de\/collections\/nahrungsergaenzungsmittel\/gelenke-und-muskeln-de\/vitamin-d3\/","og_site_name":"SEN Shop","article_publisher":"https:\/\/www.facebook.com\/Senshopslovenija","article_modified_time":"2022-09-09T09:18:36+00:00","og_image":[{"width":700,"height":700,"url":"https:\/\/sen-shop.com\/wp-content\/uploads\/2020\/10\/Vitamin-D3-NIJZ-imunska-zascita-korona-virus.png","type":"image\/png"}],"twitter_card":"summary_large_image","twitter_misc":{"Gesch\u00e4tzte Lesezeit":"2\u00a0Minuten"},"schema":{"@context":"https:\/\/schema.org","@graph":[{"@type":"WebPage","@id":"https:\/\/sen-shop.com\/de\/collections\/nahrungsergaenzungsmittel\/gelenke-und-muskeln-de\/vitamin-d3\/","url":"https:\/\/sen-shop.com\/de\/collections\/nahrungsergaenzungsmittel\/gelenke-und-muskeln-de\/vitamin-d3\/","name":"Vitamin D3","isPartOf":{"@id":"https:\/\/sen-shop.com\/de\/#website"},"datePublished":"2020-10-22T11:29:03+00:00","dateModified":"2022-09-09T09:18:36+00:00","description":"Vitamin D3","breadcrumb":{"@id":"https:\/\/sen-shop.com\/de\/collections\/nahrungsergaenzungsmittel\/gelenke-und-muskeln-de\/vitamin-d3\/#breadcrumb"},"inLanguage":"de","potentialAction":[{"@type":"ReadAction","target":["https:\/\/sen-shop.com\/de\/collections\/nahrungsergaenzungsmittel\/gelenke-und-muskeln-de\/vitamin-d3\/"]}]},{"@type":"BreadcrumbList","@id":"https:\/\/sen-shop.com\/de\/collections\/nahrungsergaenzungsmittel\/gelenke-und-muskeln-de\/vitamin-d3\/#breadcrumb","itemListElement":[{"@type":"ListItem","position":1,"name":"Home","item":"https:\/\/sen-shop.com\/de\/"},{"@type":"ListItem","position":2,"name":"Vitamin D3"}]},{"@type":"WebSite","@id":"https:\/\/sen-shop.com\/de\/#website","url":"https:\/\/sen-shop.com\/de\/","name":"SEN Shop","description":"Slovensko, Ekolo\u0161ko, Naravno","publisher":{"@id":"https:\/\/sen-shop.com\/de\/#organization"},"potentialAction":[{"@type":"SearchAction","target":{"@type":"EntryPoint","urlTemplate":"https:\/\/sen-shop.com\/de\/?s={search_term_string}"},"query-input":"required name=search_term_string"}],"inLanguage":"de"},{"@type":"Organization","@id":"https:\/\/sen-shop.com\/de\/#organization","name":"Mind trade d.o.o","url":"https:\/\/sen-shop.com\/de\/","logo":{"@type":"ImageObject","inLanguage":"de","@id":"https:\/\/sen-shop.com\/de\/#\/schema\/logo\/image\/","url":"https:\/\/sen-shop.com\/wp-content\/uploads\/2018\/05\/header_logo.png","contentUrl":"https:\/\/sen-shop.com\/wp-content\/uploads\/2018\/05\/header_logo.png","width":138,"height":70,"caption":"Mind trade d.o.o"},"image":{"@id":"https:\/\/sen-shop.com\/de\/#\/schema\/logo\/image\/"},"sameAs":["https:\/\/www.instagram.com\/senslovenija\/","https:\/\/www.facebook.com\/Senshopslovenija"]}]}},"_links":{"self":[{"href":"https:\/\/sen-shop.com\/de\/wp-json\/wp\/v2\/product\/31963","targetHints":{"allow":["GET"]}}],"collection":[{"href":"https:\/\/sen-shop.com\/de\/wp-json\/wp\/v2\/product"}],"about":[{"href":"https:\/\/sen-shop.com\/de\/wp-json\/wp\/v2\/types\/product"}],"replies":[{"embeddable":true,"href":"https:\/\/sen-shop.com\/de\/wp-json\/wp\/v2\/comments?post=31963"}],"wp:featuredmedia":[{"embeddable":true,"href":"https:\/\/sen-shop.com\/de\/wp-json\/wp\/v2\/media\/31966"}],"wp:attachment":[{"href":"https:\/\/sen-shop.com\/de\/wp-json\/wp\/v2\/media?parent=31963"}],"wp:term":[{"taxonomy":"product_cat","embeddable":true,"href":"https:\/\/sen-shop.com\/de\/wp-json\/wp\/v2\/product_cat?post=31963"},{"taxonomy":"product_tag","embeddable":true,"href":"https:\/\/sen-shop.com\/de\/wp-json\/wp\/v2\/product_tag?post=31963"}],"curies":[{"name":"wp","href":"https:\/\/api.w.org\/{rel}","templated":true}]}}