{"id":31960,"date":"2016-10-09T14:45:00","date_gmt":"2016-10-09T12:45:00","guid":{"rendered":"https:\/\/www.sen-shop.com\/collections\/unkategorisiert\/b-komplex-biotin-folsaure\/"},"modified":"2021-11-12T11:57:19","modified_gmt":"2021-11-12T10:57:19","slug":"b-komplex-biotin-folsaure","status":"publish","type":"product","link":"https:\/\/sen-shop.com\/de\/collections\/nahrungsergaenzungsmittel\/haut-naegel-haare\/b-komplex-biotin-folsaure\/","title":{"rendered":"Vitamin B-Komplex, Biotin, Fols\u00e4ure"},"content":{"rendered":"<p>[vc_row][vc_column][vc_column_text css=&#8220;.vc_custom_1625563272627{padding-top: 30px !important;padding-right: 30px !important;padding-bottom: 30px !important;padding-left: 30px !important;background-color: #c9db95 !important;}&#8220;]<strong>Vitamin B1<\/strong> (Thiamin) ist notwendig f\u00fcr die <strong>Funktion der Nerven<\/strong> und den Kohlenhydratstoffwechsel.<\/p>\n<p><strong>Vitamin<\/strong> <strong>B2<\/strong> (Riboflavin) ist beteiligt am Stoffwechsel von Kohlenhydraten, Fetten und Proteinen, am Auf- und Abbau roter Blutk\u00f6rperchen, <strong>notwendig f\u00fcr das Wachstum und die Entwicklung des F\u00f6tus, zur Erhaltung gesunder Haut, N\u00e4gel und Haare,<\/strong> zur Verbesserung des <strong>Sehverm\u00f6gens<\/strong> und zur Verringerung von Augenerm\u00fcdung.<\/p>\n<p><strong>Vitamin B3<\/strong> (Niacin) ist <strong>unentbehrlich f\u00fcr das normale Funktionieren des menschlichen K\u00f6rpers<\/strong>, beteiligt am Stoffwechsel von Fetten, Proteinen und Kohlenhydraten, senkt den Cholesterin- und Triglyceridspiegel.<\/p>\n<p><strong>Vitamin B5<\/strong> (Pantothens\u00e4ure) ist beteiligt am Kohlenhydrat-, Fett- und Eiwei\u00dfstoffwechsel, an der Wundheilung, an Verbrennungen, <strong>beugt M\u00fcdigkeit, Schlafst\u00f6rungen, Gleichgewichtsst\u00f6rungen<\/strong>, \u00dcbelkeit, Erbrechen, Zittern der H\u00e4nde und Muskelkr\u00e4mpfen vor.<\/p>\n<p><strong>Vitamin B6<\/strong> (Pyridoxin) ist wichtig f\u00fcr den Stoffwechsel von Aminos\u00e4uren und die Regulierung der Hormone. Dar\u00fcber hinaus ist es an der Bildung von <strong>Antik\u00f6rpern und roten Blutk\u00f6rperchen<\/strong> beteiligt, die f\u00fcr das reibungslose Funktionieren des <strong>Stoffwechsels, des Hormon- und des Immunsystems<\/strong> notwendig sind.<\/p>\n<p><strong>Vitamin B7<\/strong> (Biotin) ist am Transport von Kohlendioxid beteiligt und daher f\u00fcr den Stoffwechsel von Kohlenhydraten und Fetten unerl\u00e4sslich. Es ist wichtig f\u00fcr die <strong>Erhaltung der Gesundheit von Schwei\u00dfdr\u00fcsen, Blutzellen, Nervengewebe, Haut, Haaren, m\u00e4nnlichen Geschlechtsdr\u00fcsen und Knochenmark.<\/strong><\/p>\n<p><strong>Vitamin B9<\/strong> (Fols\u00e4ure) ist besonders<strong> wichtig<\/strong> f\u00fcr die schnelle Zellteilung und das Wachstum w\u00e4hrend der <strong>Schwangerschaft<\/strong> und in der Kindheit, entscheidend f\u00fcr die <strong>Proteinsynthese<\/strong>, die <strong>Zellteilung<\/strong> und die Funktion des <strong>Knochenmarks<\/strong>, wo das Blut gebildet wird.<\/p>\n<p><strong>Vitamin B12<\/strong> (Cobalamin) ist wichtig f\u00fcr das <strong>Wachstum der Blutzellen<\/strong>, die Schilddr\u00fcsenfunktion, die Myelinsynthese und die <strong>normale Funktion des Gehirns und des Nervensystems.<\/strong> Zusammen mit Fols\u00e4ure ist es f\u00fcr die Bildung der Erbsubstanz bei der Zellteilung notwendig.<\/p>\n<p>[\/vc_column_text][\/vc_column][\/vc_row][vc_row][vc_column][vc_column_text css=&#8220;.vc_custom_1625563287658{padding-top: 30px !important;padding-right: 30px !important;padding-bottom: 30px !important;padding-left: 30px !important;background-color: #ededed !important;}&#8220;]<img decoding=\"async\" src=\"https:\/\/static.xx.fbcdn.net\/images\/emoji.php\/v9\/t51\/1\/16\/1f449.png\" alt=\"\ud83d\udc49\" \/> Die Kapsel enth\u00e4lt alle wichtigen B-Vitamine in optimaler Menge.<\/p>\n<p><img decoding=\"async\" src=\"https:\/\/static.xx.fbcdn.net\/images\/emoji.php\/v9\/t51\/1\/16\/1f449.png\" alt=\"\ud83d\udc49\" \/> Zwei Kapseln pro Tag.[\/vc_column_text][\/vc_column][\/vc_row][vc_row][vc_column][vc_column_text]Unser K\u00f6rper kann bestimmte Vitamine nicht speichern. Dazu geh\u00f6ren die Vitamine B, C und Fols\u00e4ure. Diese Vitamine sind wasserl\u00f6slich, und ein \u00dcberschuss wird \u00fcber die Nieren mit dem Urin ausgeschieden. <strong>Menschen, die chronisch m\u00fcde sind, profitieren oft von einer Vitamin-B-Zufuhr.<\/strong><\/p>\n<p>[\/vc_column_text][\/vc_column][\/vc_row]<\/p>\n","protected":false},"excerpt":{"rendered":"<p>Die meisten Menschen nehmen die empfohlenen Mengen an B-Vitaminen allein durch die Ern\u00e4hrung auf. Allerdings erh\u00f6hen Faktoren wie <strong>Alter, Schwangerschaft<\/strong>, Ern\u00e4hrungsgewohnheiten, <strong>Krankheiten, Genetik, Medikamente und Alkoholkonsum den Bedarf des K\u00f6rpers an B-Vitaminen<\/strong>. Alle diese Vitamine zeichnen sich durch ihre F\u00e4higkeit aus, einen gesunden k\u00f6rperlichen und geistigen Zustand zu erhalten.<\/p>\n<ul>\n<li>f\u00fcr Wohlbefinden, gute Laune und einen klaren Geist<\/li>\n<li>f\u00fcr gesunde Haut, N\u00e4gel und Haare<\/li>\n<li>Fols\u00e4ure ist wichtig f\u00fcr das Wachstum und die Entwicklung des F\u00f6tus<\/li>\n<li>zur Unterst\u00fctzung des Nervensystems<\/li>\n<li>gegen M\u00fcdigkeit und Ersch\u00f6pfung<\/li>\n<li>B1, B2, B3, B5, B6, B7 (Biotin), B9 (Fols\u00e4ure), B12<\/li>\n<\/ul>\n<p>B-Komplex-Pr\u00e4parate enthalten alle acht B-Vitamine in einer Kapsel.<br \/>\nB-Vitamine sind wasserl\u00f6slich, das hei\u00dft, der K\u00f6rper speichert sie nicht. Aus diesem Grund m\u00fcssen sie t\u00e4glich \u00fcber die Nahrung zugef\u00fchrt werden.<\/p>\n[banner_prehrana]\n","protected":false},"featured_media":39121,"comment_status":"open","ping_status":"closed","template":"","meta":{"inline_featured_image":false},"product_cat":[816,842,813],"product_tag":[821,913,814,910],"class_list":["post-31960","product","type-product","status-publish","has-post-thumbnail","hentry","product_cat-crni-petek-de","product_cat-haut-naegel-haare","product_cat-nahrungsergaenzungsmittel","product_tag-bio-de","product_tag-koza-in-lasje-de","product_tag-prehranska-dopolnila-de","product_tag-tezave-s-spominom-de"],"acf":[],"yoast_head":"<!-- This site is optimized with the Yoast SEO plugin v19.13 - https:\/\/yoast.com\/wordpress\/plugins\/seo\/ -->\n<title>B-Komplex, Biotin, Fols\u00e4ure<\/title>\n<meta name=\"description\" content=\"B-Komplex, Biotin, Fols\u00e4ure\" \/>\n<meta name=\"robots\" content=\"index, follow, max-snippet:-1, max-image-preview:large, max-video-preview:-1\" \/>\n<link rel=\"canonical\" href=\"https:\/\/sen-shop.com\/de\/collections\/nahrungsergaenzungsmittel\/haut-naegel-haare\/b-komplex-biotin-folsaure\/\" \/>\n<meta property=\"og:locale\" content=\"de_DE\" \/>\n<meta property=\"og:type\" content=\"article\" \/>\n<meta property=\"og:title\" content=\"B-Komplex, Biotin, Fols\u00e4ure\" \/>\n<meta property=\"og:description\" content=\"B-Komplex, Biotin, Fols\u00e4ure\" \/>\n<meta property=\"og:url\" content=\"https:\/\/sen-shop.com\/de\/collections\/nahrungsergaenzungsmittel\/haut-naegel-haare\/b-komplex-biotin-folsaure\/\" \/>\n<meta property=\"og:site_name\" content=\"SEN Shop\" \/>\n<meta property=\"article:publisher\" content=\"https:\/\/www.facebook.com\/Senshopslovenija\" \/>\n<meta property=\"article:modified_time\" content=\"2021-11-12T10:57:19+00:00\" \/>\n<meta property=\"og:image\" content=\"https:\/\/sen-shop.com\/wp-content\/uploads\/2021\/10\/B-kompl_EN_DE_SPL-5.jpg\" \/>\n\t<meta property=\"og:image:width\" content=\"1400\" \/>\n\t<meta property=\"og:image:height\" content=\"1400\" \/>\n\t<meta property=\"og:image:type\" content=\"image\/jpeg\" \/>\n<meta name=\"twitter:card\" content=\"summary_large_image\" \/>\n<meta name=\"twitter:label1\" content=\"Gesch\u00e4tzte Lesezeit\" \/>\n\t<meta name=\"twitter:data1\" content=\"2\u00a0Minuten\" \/>\n<script type=\"application\/ld+json\" class=\"yoast-schema-graph\">{\"@context\":\"https:\/\/schema.org\",\"@graph\":[{\"@type\":\"WebPage\",\"@id\":\"https:\/\/sen-shop.com\/de\/collections\/nahrungsergaenzungsmittel\/haut-naegel-haare\/b-komplex-biotin-folsaure\/\",\"url\":\"https:\/\/sen-shop.com\/de\/collections\/nahrungsergaenzungsmittel\/haut-naegel-haare\/b-komplex-biotin-folsaure\/\",\"name\":\"B-Komplex, Biotin, Fols\u00e4ure\",\"isPartOf\":{\"@id\":\"https:\/\/sen-shop.com\/de\/#website\"},\"datePublished\":\"2016-10-09T12:45:00+00:00\",\"dateModified\":\"2021-11-12T10:57:19+00:00\",\"description\":\"B-Komplex, Biotin, Fols\u00e4ure\",\"breadcrumb\":{\"@id\":\"https:\/\/sen-shop.com\/de\/collections\/nahrungsergaenzungsmittel\/haut-naegel-haare\/b-komplex-biotin-folsaure\/#breadcrumb\"},\"inLanguage\":\"de\",\"potentialAction\":[{\"@type\":\"ReadAction\",\"target\":[\"https:\/\/sen-shop.com\/de\/collections\/nahrungsergaenzungsmittel\/haut-naegel-haare\/b-komplex-biotin-folsaure\/\"]}]},{\"@type\":\"BreadcrumbList\",\"@id\":\"https:\/\/sen-shop.com\/de\/collections\/nahrungsergaenzungsmittel\/haut-naegel-haare\/b-komplex-biotin-folsaure\/#breadcrumb\",\"itemListElement\":[{\"@type\":\"ListItem\",\"position\":1,\"name\":\"Home\",\"item\":\"https:\/\/sen-shop.com\/de\/\"},{\"@type\":\"ListItem\",\"position\":2,\"name\":\"Vitamin B-Komplex, Biotin, Fols\u00e4ure\"}]},{\"@type\":\"WebSite\",\"@id\":\"https:\/\/sen-shop.com\/de\/#website\",\"url\":\"https:\/\/sen-shop.com\/de\/\",\"name\":\"SEN Shop\",\"description\":\"Slovensko, Ekolo\u0161ko, Naravno\",\"publisher\":{\"@id\":\"https:\/\/sen-shop.com\/de\/#organization\"},\"potentialAction\":[{\"@type\":\"SearchAction\",\"target\":{\"@type\":\"EntryPoint\",\"urlTemplate\":\"https:\/\/sen-shop.com\/de\/?s={search_term_string}\"},\"query-input\":\"required name=search_term_string\"}],\"inLanguage\":\"de\"},{\"@type\":\"Organization\",\"@id\":\"https:\/\/sen-shop.com\/de\/#organization\",\"name\":\"Mind trade d.o.o\",\"url\":\"https:\/\/sen-shop.com\/de\/\",\"logo\":{\"@type\":\"ImageObject\",\"inLanguage\":\"de\",\"@id\":\"https:\/\/sen-shop.com\/de\/#\/schema\/logo\/image\/\",\"url\":\"https:\/\/sen-shop.com\/wp-content\/uploads\/2018\/05\/header_logo.png\",\"contentUrl\":\"https:\/\/sen-shop.com\/wp-content\/uploads\/2018\/05\/header_logo.png\",\"width\":138,\"height\":70,\"caption\":\"Mind trade d.o.o\"},\"image\":{\"@id\":\"https:\/\/sen-shop.com\/de\/#\/schema\/logo\/image\/\"},\"sameAs\":[\"https:\/\/www.instagram.com\/senslovenija\/\",\"https:\/\/www.facebook.com\/Senshopslovenija\"]}]}<\/script>\n<!-- \/ Yoast SEO plugin. -->","yoast_head_json":{"title":"B-Komplex, Biotin, Fols\u00e4ure","description":"B-Komplex, Biotin, Fols\u00e4ure","robots":{"index":"index","follow":"follow","max-snippet":"max-snippet:-1","max-image-preview":"max-image-preview:large","max-video-preview":"max-video-preview:-1"},"canonical":"https:\/\/sen-shop.com\/de\/collections\/nahrungsergaenzungsmittel\/haut-naegel-haare\/b-komplex-biotin-folsaure\/","og_locale":"de_DE","og_type":"article","og_title":"B-Komplex, Biotin, Fols\u00e4ure","og_description":"B-Komplex, Biotin, Fols\u00e4ure","og_url":"https:\/\/sen-shop.com\/de\/collections\/nahrungsergaenzungsmittel\/haut-naegel-haare\/b-komplex-biotin-folsaure\/","og_site_name":"SEN Shop","article_publisher":"https:\/\/www.facebook.com\/Senshopslovenija","article_modified_time":"2021-11-12T10:57:19+00:00","og_image":[{"width":1400,"height":1400,"url":"https:\/\/sen-shop.com\/wp-content\/uploads\/2021\/10\/B-kompl_EN_DE_SPL-5.jpg","type":"image\/jpeg"}],"twitter_card":"summary_large_image","twitter_misc":{"Gesch\u00e4tzte Lesezeit":"2\u00a0Minuten"},"schema":{"@context":"https:\/\/schema.org","@graph":[{"@type":"WebPage","@id":"https:\/\/sen-shop.com\/de\/collections\/nahrungsergaenzungsmittel\/haut-naegel-haare\/b-komplex-biotin-folsaure\/","url":"https:\/\/sen-shop.com\/de\/collections\/nahrungsergaenzungsmittel\/haut-naegel-haare\/b-komplex-biotin-folsaure\/","name":"B-Komplex, Biotin, Fols\u00e4ure","isPartOf":{"@id":"https:\/\/sen-shop.com\/de\/#website"},"datePublished":"2016-10-09T12:45:00+00:00","dateModified":"2021-11-12T10:57:19+00:00","description":"B-Komplex, Biotin, Fols\u00e4ure","breadcrumb":{"@id":"https:\/\/sen-shop.com\/de\/collections\/nahrungsergaenzungsmittel\/haut-naegel-haare\/b-komplex-biotin-folsaure\/#breadcrumb"},"inLanguage":"de","potentialAction":[{"@type":"ReadAction","target":["https:\/\/sen-shop.com\/de\/collections\/nahrungsergaenzungsmittel\/haut-naegel-haare\/b-komplex-biotin-folsaure\/"]}]},{"@type":"BreadcrumbList","@id":"https:\/\/sen-shop.com\/de\/collections\/nahrungsergaenzungsmittel\/haut-naegel-haare\/b-komplex-biotin-folsaure\/#breadcrumb","itemListElement":[{"@type":"ListItem","position":1,"name":"Home","item":"https:\/\/sen-shop.com\/de\/"},{"@type":"ListItem","position":2,"name":"Vitamin B-Komplex, Biotin, Fols\u00e4ure"}]},{"@type":"WebSite","@id":"https:\/\/sen-shop.com\/de\/#website","url":"https:\/\/sen-shop.com\/de\/","name":"SEN Shop","description":"Slovensko, Ekolo\u0161ko, Naravno","publisher":{"@id":"https:\/\/sen-shop.com\/de\/#organization"},"potentialAction":[{"@type":"SearchAction","target":{"@type":"EntryPoint","urlTemplate":"https:\/\/sen-shop.com\/de\/?s={search_term_string}"},"query-input":"required name=search_term_string"}],"inLanguage":"de"},{"@type":"Organization","@id":"https:\/\/sen-shop.com\/de\/#organization","name":"Mind trade d.o.o","url":"https:\/\/sen-shop.com\/de\/","logo":{"@type":"ImageObject","inLanguage":"de","@id":"https:\/\/sen-shop.com\/de\/#\/schema\/logo\/image\/","url":"https:\/\/sen-shop.com\/wp-content\/uploads\/2018\/05\/header_logo.png","contentUrl":"https:\/\/sen-shop.com\/wp-content\/uploads\/2018\/05\/header_logo.png","width":138,"height":70,"caption":"Mind trade d.o.o"},"image":{"@id":"https:\/\/sen-shop.com\/de\/#\/schema\/logo\/image\/"},"sameAs":["https:\/\/www.instagram.com\/senslovenija\/","https:\/\/www.facebook.com\/Senshopslovenija"]}]}},"_links":{"self":[{"href":"https:\/\/sen-shop.com\/de\/wp-json\/wp\/v2\/product\/31960","targetHints":{"allow":["GET"]}}],"collection":[{"href":"https:\/\/sen-shop.com\/de\/wp-json\/wp\/v2\/product"}],"about":[{"href":"https:\/\/sen-shop.com\/de\/wp-json\/wp\/v2\/types\/product"}],"replies":[{"embeddable":true,"href":"https:\/\/sen-shop.com\/de\/wp-json\/wp\/v2\/comments?post=31960"}],"wp:featuredmedia":[{"embeddable":true,"href":"https:\/\/sen-shop.com\/de\/wp-json\/wp\/v2\/media\/39121"}],"wp:attachment":[{"href":"https:\/\/sen-shop.com\/de\/wp-json\/wp\/v2\/media?parent=31960"}],"wp:term":[{"taxonomy":"product_cat","embeddable":true,"href":"https:\/\/sen-shop.com\/de\/wp-json\/wp\/v2\/product_cat?post=31960"},{"taxonomy":"product_tag","embeddable":true,"href":"https:\/\/sen-shop.com\/de\/wp-json\/wp\/v2\/product_tag?post=31960"}],"curies":[{"name":"wp","href":"https:\/\/api.w.org\/{rel}","templated":true}]}}